{"id":6668,"date":"2026-08-28T14:53:46","date_gmt":"2026-08-28T17:53:46","guid":{"rendered":"https:\/\/www.ceticontinental.org\/portal\/?page_id=6668"},"modified":"2026-08-28T16:41:36","modified_gmt":"2026-08-28T19:41:36","slug":"catedra28","status":"publish","type":"page","link":"https:\/\/www.ceticontinental.org\/portal\/catedra28\/","title":{"rendered":"C\u00e1tedra Caty y Ren\u00e9 Padilla 2028"},"content":{"rendered":"<div id=\"pl-6668\"  class=\"panel-layout\" ><div id=\"pg-6668-0\"  class=\"panel-grid panel-no-style\" ><div id=\"pgc-6668-0-0\"  class=\"panel-grid-cell panel-grid-cell-empty\" ><\/div><\/div><div id=\"pg-6668-1\"  class=\"panel-grid panel-has-style\" ><div class=\"siteorigin-panels-stretch panel-row-style panel-row-style-for-6668-1\" data-stretch-type=\"full\" ><div id=\"pgc-6668-1-0\"  class=\"panel-grid-cell\" ><div id=\"panel-6668-1-0-0\" class=\"widget_text so-panel widget widget_custom_html panel-first-child\" data-index=\"0\" ><div class=\"textwidget custom-html-widget\"><\/div><\/div><div id=\"panel-6668-1-0-1\" class=\"so-panel widget widget_sow-editor panel-last-child\" data-index=\"1\" ><div class=\"panel-widget-style panel-widget-style-for-6668-1-0-1\" ><div\n\t\t\t\n\t\t\tclass=\"so-widget-sow-editor so-widget-sow-editor-base\"\n\t\t\t\n\t\t>\n<div class=\"siteorigin-widget-tinymce textwidget\">\n\t<h1 style=\"text-align: center;\"><span style=\"font-family: via-sans-black; font-size: 36pt; color: #ffffff;\">C\u00e1tedra Caty y Ren\u00e9 Padilla<\/span><\/h1>\n<h1 style=\"text-align: center;\"><span style=\"font-family: via-sans-light; color: #ffffff;\">16-19 de marzo de 2028 \u2022 Rionegro, Antioquia, Colombia<\/span><\/h1>\n<h1 style=\"text-align: center;\"><span style=\"font-family: via-sans; color: #ffffff;\">Vuelve pronto para m\u00e1s informaci\u00f3n<\/span><\/h1>\n<h1><\/h1>\n<\/div>\n<\/div><\/div><\/div><\/div><\/div><\/div><div id=\"pg-6668-2\"  class=\"panel-grid panel-no-style\" ><div id=\"pgc-6668-2-0\"  class=\"panel-grid-cell\" ><div id=\"panel-6668-2-0-0\" class=\"so-panel widget widget_sow-editor panel-first-child panel-last-child\" data-index=\"2\" ><div class=\"panel-widget-style panel-widget-style-for-6668-2-0-0\" ><div\n\t\t\t\n\t\t\tclass=\"so-widget-sow-editor so-widget-sow-editor-base\"\n\t\t\t\n\t\t>\n<div class=\"siteorigin-widget-tinymce textwidget\">\n\t<h1><strong>\u00bfDe qu\u00e9 se trata?<\/strong><\/h1>\n<p style=\"text-align: left;\">La C\u00e1tedra Caty y Ren\u00e9 Padilla es una conferencia regular que explora las implicaciones contempor\u00e1neas del trabajo pionero de Caty y Ren\u00e9 Padilla en el \u00e1mbito evang\u00e9lico latinoamericano e internacional, tanto en la reflexi\u00f3n como en la pr\u00e1ctica. Procuramos brindar un espacio para seguir cultivando y desarrollando el saber teol\u00f3gico desde y para Am\u00e9rica Latina, fomentando una comunidad de apoyo e intercambio y promoviendo la pr\u00e1ctica de la misi\u00f3n integral en comunidades de fe a lo largo del continente.<\/p>\n<p class=\"cvGsUA direction-ltr align-start para-style-body\"><span class=\"a_GcMg font-feature-liga-off font-feature-clig-off font-feature-calt-off text-decoration-none text-strikethrough-none\">Vuelve pronto para conocer la tem\u00e1tica de la Tercera C\u00e1tedra Caty y Ren\u00e9 Padilla.<\/span><\/p>\n<h1><strong>\u00bfPara qui\u00e9nes es este evento?<\/strong><\/h1>\n<p>Este evento es para la edificaci\u00f3n de todo el pueblo de Dios. Por lo tanto, convocamos a personas que desempe\u00f1an un papel de liderazgo en una iglesia, comunidad local, agencia misionera, ONG o instituci\u00f3n acad\u00e9mica. Damos la bienvenida a cuanta persona procura vivir la misi\u00f3n integral en todas las esferas de su\u00a0vida.<\/p>\n<h1><strong>\u00bfD\u00f3nde y cu\u00e1ndo ser\u00e1 el evento?<\/strong><\/h1>\n<p>La tercera C\u00e1tedra tomar\u00e1 lugar en la Casa de Encuentros De La Salle en Rionegro, Antioqu\u00eda, Colombia el 16 al 19 de marzo de 2028.<\/p>\n<\/div>\n<\/div><\/div><\/div><\/div><\/div><div id=\"pg-6668-3\"  class=\"panel-grid panel-has-style\" ><div class=\"so-parallax siteorigin-panels-stretch panel-row-style panel-row-style-for-6668-3\" data-stretch-type=\"full-width-stretch\" ><img fetchpriority=\"high\" decoding=\"async\" width=\"5184\" height=\"3456\" src=\"https:\/\/www.ceticontinental.org\/portal\/wp-content\/uploads\/2020\/06\/Foto-de-Vinicius-Pontes-en-Pexels-02.jpg\" class=\"attachment-full size-full\" alt=\"\" data-siteorigin-parallax=\"true\" loading=\"eager\" srcset=\"https:\/\/www.ceticontinental.org\/portal\/wp-content\/uploads\/2020\/06\/Foto-de-Vinicius-Pontes-en-Pexels-02.jpg 5184w, https:\/\/www.ceticontinental.org\/portal\/wp-content\/uploads\/2020\/06\/Foto-de-Vinicius-Pontes-en-Pexels-02-300x200.jpg 300w, https:\/\/www.ceticontinental.org\/portal\/wp-content\/uploads\/2020\/06\/Foto-de-Vinicius-Pontes-en-Pexels-02-768x512.jpg 768w, https:\/\/www.ceticontinental.org\/portal\/wp-content\/uploads\/2020\/06\/Foto-de-Vinicius-Pontes-en-Pexels-02-1024x683.jpg 1024w, https:\/\/www.ceticontinental.org\/portal\/wp-content\/uploads\/2020\/06\/Foto-de-Vinicius-Pontes-en-Pexels-02-480x320.jpg 480w, https:\/\/www.ceticontinental.org\/portal\/wp-content\/uploads\/2020\/06\/Foto-de-Vinicius-Pontes-en-Pexels-02-272x182.jpg 272w\" sizes=\"(max-width: 5184px) 100vw, 5184px\" \/><div id=\"pgc-6668-3-0\"  class=\"panel-grid-cell panel-grid-cell-empty\" ><\/div><div id=\"pgc-6668-3-1\"  class=\"panel-grid-cell panel-grid-cell-mobile-last\" ><div id=\"panel-6668-3-1-0\" class=\"widget_text so-panel widget widget_custom_html panel-first-child\" data-index=\"3\" ><div class=\"textwidget custom-html-widget\"><\/div><\/div><div id=\"panel-6668-3-1-1\" class=\"so-panel widget widget_sow-editor panel-last-child\" data-index=\"4\" ><div class=\"panel-widget-style panel-widget-style-for-6668-3-1-1\" ><div\n\t\t\t\n\t\t\tclass=\"so-widget-sow-editor so-widget-sow-editor-base\"\n\t\t\t\n\t\t>\n<div class=\"siteorigin-widget-tinymce textwidget\">\n\t<h1>\u00bfQuieres auspiciar este evento?<\/h1>\n<p><span class=\"a_GcMg font-feature-liga-off font-feature-clig-off font-feature-calt-off text-decoration-none text-strikethrough-none\">Puedes unirte como auspiciador de la C\u00e1tedra, posici\u00f3n desde la cual podr\u00e1s contribuir significativamente a los temas a explorar en este evento. Oportunidades incluyen: organizar un taller, compartir una experiencia o recurso, enviar tu equipo, \u00a1y m\u00e1s! <span style=\"text-decoration: underline; color: #0000ff;\"><a style=\"color: #0000ff; text-decoration: underline;\" href=\"mailto:clopes@ceticontinental.org\">Comun\u00edcate con nuestro equipo<\/a><\/span>\u00a0para explorar posibilidades para tu contribuci\u00f3n a este evento.<\/span><\/p>\n<\/div>\n<\/div><\/div><\/div><\/div><div id=\"pgc-6668-3-2\"  class=\"panel-grid-cell panel-grid-cell-empty\" ><\/div><\/div><\/div><div id=\"pg-6668-4\"  class=\"panel-grid panel-no-style\" ><div id=\"pgc-6668-4-0\"  class=\"panel-grid-cell\" ><div id=\"panel-6668-4-0-0\" class=\"widget_text so-panel widget widget_custom_html panel-first-child panel-last-child\" data-index=\"5\" ><div class=\"textwidget custom-html-widget\"><\/div><\/div><\/div><\/div><\/div>","protected":false},"excerpt":{"rendered":"<p>C\u00e1tedra Caty y Ren\u00e9 Padilla 16-19 de marzo de 2028 \u2022 Rionegro, Antioquia, Colombia Vuelve pronto para m\u00e1s informaci\u00f3n<\/p>\n","protected":false},"author":2,"featured_media":0,"parent":0,"menu_order":0,"comment_status":"closed","ping_status":"closed","template":"","meta":{"footnotes":""},"class_list":["post-6668","page","type-page","status-publish","hentry"],"_links":{"self":[{"href":"https:\/\/www.ceticontinental.org\/portal\/wp-json\/wp\/v2\/pages\/6668"}],"collection":[{"href":"https:\/\/www.ceticontinental.org\/portal\/wp-json\/wp\/v2\/pages"}],"about":[{"href":"https:\/\/www.ceticontinental.org\/portal\/wp-json\/wp\/v2\/types\/page"}],"author":[{"embeddable":true,"href":"https:\/\/www.ceticontinental.org\/portal\/wp-json\/wp\/v2\/users\/2"}],"replies":[{"embeddable":true,"href":"https:\/\/www.ceticontinental.org\/portal\/wp-json\/wp\/v2\/comments?post=6668"}],"version-history":[{"count":4,"href":"https:\/\/www.ceticontinental.org\/portal\/wp-json\/wp\/v2\/pages\/6668\/revisions"}],"predecessor-version":[{"id":6675,"href":"https:\/\/www.ceticontinental.org\/portal\/wp-json\/wp\/v2\/pages\/6668\/revisions\/6675"}],"wp:attachment":[{"href":"https:\/\/www.ceticontinental.org\/portal\/wp-json\/wp\/v2\/media?parent=6668"}],"curies":[{"name":"wp","href":"https:\/\/api.w.org\/{rel}","templated":true}]}}