{"id":6684,"date":"2026-08-28T18:50:24","date_gmt":"2026-08-28T21:50:24","guid":{"rendered":"https:\/\/www.ceticontinental.org\/portal\/?page_id=6684"},"modified":"2026-09-01T11:47:20","modified_gmt":"2026-09-01T14:47:20","slug":"diplomado","status":"publish","type":"page","link":"https:\/\/www.ceticontinental.org\/portal\/diplomado\/","title":{"rendered":"Diplomado en Comunidad 2.0"},"content":{"rendered":"<div id=\"pl-6684\"  class=\"panel-layout\" ><div id=\"pg-6684-0\"  class=\"panel-grid panel-has-style\" ><div class=\"so-parallax siteorigin-panels-stretch panel-row-style panel-row-style-for-6684-0\" data-stretch-type=\"full\" ><img fetchpriority=\"high\" decoding=\"async\" width=\"1220\" height=\"686\" src=\"https:\/\/www.ceticontinental.org\/portal\/wp-content\/uploads\/2026\/08\/imageedit_7_3922788348.png\" class=\"attachment-full size-full\" alt=\"\" data-siteorigin-parallax=\"true\" loading=\"eager\" srcset=\"https:\/\/www.ceticontinental.org\/portal\/wp-content\/uploads\/2026\/08\/imageedit_7_3922788348.png 1220w, https:\/\/www.ceticontinental.org\/portal\/wp-content\/uploads\/2026\/08\/imageedit_7_3922788348-300x169.png 300w, https:\/\/www.ceticontinental.org\/portal\/wp-content\/uploads\/2026\/08\/imageedit_7_3922788348-1024x576.png 1024w, https:\/\/www.ceticontinental.org\/portal\/wp-content\/uploads\/2026\/08\/imageedit_7_3922788348-768x432.png 768w, https:\/\/www.ceticontinental.org\/portal\/wp-content\/uploads\/2026\/08\/imageedit_7_3922788348-860x484.png 860w\" sizes=\"(max-width: 1220px) 100vw, 1220px\" \/><div id=\"pgc-6684-0-0\"  class=\"panel-grid-cell\" ><div id=\"panel-6684-0-0-0\" class=\"widget_text so-panel widget widget_custom_html panel-first-child\" data-index=\"0\" ><div class=\"textwidget custom-html-widget\"><\/div><\/div><div id=\"panel-6684-0-0-1\" class=\"so-panel widget widget_sow-editor panel-last-child\" data-index=\"1\" ><div class=\"panel-widget-style panel-widget-style-for-6684-0-0-1\" ><div\n\t\t\t\n\t\t\tclass=\"so-widget-sow-editor so-widget-sow-editor-base\"\n\t\t\t\n\t\t>\n<div class=\"siteorigin-widget-tinymce textwidget\">\n\t<h1><strong style=\"font-size: 56px !important; font-family: 'via_sans_boldbold';\">Diplomado en Comunidad 2.0:<\/strong><\/h1>\n<h1><strong style=\"font-size: 56px !important; font-family: 'via_sans_boldbold';\"> Discipulado, Formaci\u00f3n y Transformaci\u00f3n<\/strong><\/h1>\n<p>&nbsp;<\/p>\n<\/div>\n<\/div><\/div><\/div><\/div><\/div><\/div><div id=\"pg-6684-1\"  class=\"panel-grid panel-has-style\" ><div class=\"siteorigin-panels-stretch panel-row-style panel-row-style-for-6684-1\" data-stretch-type=\"full\" ><div id=\"pgc-6684-1-0\"  class=\"panel-grid-cell\" ><div id=\"panel-6684-1-0-0\" class=\"so-panel widget widget_sow-editor panel-first-child panel-last-child\" data-index=\"2\" ><div class=\"panel-widget-style panel-widget-style-for-6684-1-0-0\" ><div\n\t\t\t\n\t\t\tclass=\"so-widget-sow-editor so-widget-sow-editor-base\"\n\t\t\t\n\t\t>\n<div class=\"siteorigin-widget-tinymce textwidget\">\n\t<h3><span class=\"a_GcMg font-feature-liga-off font-feature-clig-off font-feature-calt-off text-decoration-none text-strikethrough-none\">\u00a1Vivimos en una \u00e9poca extra\u00f1a! Y parece que el mundo gira m\u00e1s r\u00e1pido de lo que nuestras emociones pueden procesar. Convivimos con generaciones que crecieron y est\u00e1n creciendo con el internet, el WiFi y otras tecnolog\u00edas emergentes; con acceso a todo, pero sin certezas o sin conocimiento a d\u00f3nde ir. En medio de este torbellino de redes sociales, crisis y memes, Dios sigue preguntando: \u201c\u00bfD\u00f3nde est\u00e1s?\u201d (G\u00e9nesis 3:9). Aunque esta sea una pregunta \u201cantigua\u201d, sigue vigente y toca el coraz\u00f3n de la juventud latinoamericana que busca sentido en medio del caos.<\/span><\/h3>\n<\/div>\n<\/div><\/div><\/div><\/div><\/div><\/div><div id=\"pg-6684-2\"  class=\"panel-grid panel-no-style\" ><div id=\"pgc-6684-2-0\"  class=\"panel-grid-cell\" ><div id=\"panel-6684-2-0-0\" class=\"so-panel widget widget_sow-editor panel-first-child\" data-index=\"3\" ><div\n\t\t\t\n\t\t\tclass=\"so-widget-sow-editor so-widget-sow-editor-base\"\n\t\t\t\n\t\t>\n<div class=\"siteorigin-widget-tinymce textwidget\">\n\t<h1 style=\"text-align: center;\"><span class=\"a_GcMg font-feature-liga-off font-feature-clig-off font-feature-calt-off text-decoration-none text-strikethrough-none\" style=\"color: #ffd249; font-size: 36pt;\">\u00bfC\u00f3mo podemos formar a j\u00f3venes que viven el evangelio de manera integral dando testimonio del Reino de Dios y su justicia en su generaci\u00f3n?<\/span><\/h1>\n<\/div>\n<\/div><\/div><div id=\"panel-6684-2-0-1\" class=\"so-panel widget widget_sow-editor panel-last-child\" data-index=\"4\" ><div\n\t\t\t\n\t\t\tclass=\"so-widget-sow-editor so-widget-sow-editor-base\"\n\t\t\t\n\t\t>\n<div class=\"siteorigin-widget-tinymce textwidget\">\n\t<h3><span class=\"a_GcMg font-feature-liga-off font-feature-clig-off font-feature-calt-off text-decoration-none text-strikethrough-none\" style=\"font-family: via-sans-light-itali;\">Es muy probable que quienes servimos a las nuevas generaciones somos la \u00faltima generaci\u00f3n que creci\u00f3 sin redes sociales. Conocimos del Internet cuando a\u00fan era nuevo y primitivo, o en algunos casos tuvimos que aprender y adaptarnos. Sin embargo, los y las j\u00f3venes que hoy servimos en nuestras comunidades de fe no conocen el mundo sin redes sociales. Es m\u00e1s, pareciera que vienen con una predisposici\u00f3n gen\u00e9tica a la tecnolog\u00eda. Por esta raz\u00f3n, queremos brindar una oportunidad de formaci\u00f3n que analiza elementos teol\u00f3gicos, psicol\u00f3gicos y contextuales. Este diplomado se enfoca en desarrollar un liderazgo encarnacional y contextual que trasciende los espacios digitales.\u00a0<\/span><\/h3>\n<\/div>\n<\/div><\/div><\/div><\/div><div id=\"pg-6684-3\"  class=\"panel-grid panel-no-style\" ><div id=\"pgc-6684-3-0\"  class=\"panel-grid-cell\" ><div id=\"panel-6684-3-0-0\" class=\"so-panel widget widget_sow-editor panel-first-child\" data-index=\"5\" ><div\n\t\t\t\n\t\t\tclass=\"so-widget-sow-editor so-widget-sow-editor-base\"\n\t\t\t\n\t\t><h3 class=\"widget-title\">\u00bfPara qui\u00e9nes es este diplomado?<\/h3>\n<div class=\"siteorigin-widget-tinymce textwidget\">\n\t<p><span class=\"a_GcMg font-feature-liga-off font-feature-clig-off font-feature-calt-off text-decoration-none text-strikethrough-none\">El diplomado est\u00e1 dirigido a los equipos de liderazgo que est\u00e1n sirviendo a la generaci\u00f3n actual de j\u00f3venes (Centennials) y que se ven constantemente influenciados por redes sociales, Web 2.0 y formas digitales de crear comunidad. Buscamos personas interesadas que compartan una b\u00fasqueda constante sobre: <em>\u00bfC\u00f3mo podemos servir de manera encarnacional a la juventud en la actualidad?\u00a0<\/em> Y <em>\u00bfC\u00f3mo utilizamos la diversidad de dones, nuestra propia vocaci\u00f3n, los recursos tecnol\u00f3gicos y otros para fomentar comunidades que dan testimonio del reino de Dios y su justicia?<\/em><\/span><\/p>\n<\/div>\n<\/div><\/div><div id=\"panel-6684-3-0-1\" class=\"so-panel widget widget_sow-editor\" data-index=\"6\" ><div\n\t\t\t\n\t\t\tclass=\"so-widget-sow-editor so-widget-sow-editor-base\"\n\t\t\t\n\t\t><h3 class=\"widget-title\">Metodolog\u00eda<\/h3>\n<div class=\"siteorigin-widget-tinymce textwidget\">\n\t<ul>\n<li>Modalidad virtual que combina videoconferencias, lecturas, actividades y proyectos<\/li>\n<li>Aprendizaje constructivo con la participaci\u00f3n activa del cuerpo estudiantil<\/li>\n<li>3 m\u00f3dulos de cuatro semanas, 1 taller y tutor\u00edas personales optativas (duraci\u00f3n total de 14 semanas, carga horaria de 6 horas por semana)<\/li>\n<\/ul>\n<p class=\"cvGsUA block-font-kerning-normal block-font-feature-liga-off block-font-feature-clig-off block-font-feature-calt-off direction-ltr align-start para-style-body\">\n<\/div>\n<\/div><\/div><div id=\"panel-6684-3-0-2\" class=\"so-panel widget widget_sow-tabs\" data-index=\"7\" ><div\n\t\t\t\n\t\t\tclass=\"so-widget-sow-tabs so-widget-sow-tabs-default-bac51b5b91f8-6684\"\n\t\t\t\n\t\t><h3 class=\"widget-title\">Contenido<\/h3><div class=\"sow-tabs\">\n\t<div class=\"sow-tabs-tab-container\" role=\"tablist\">\n\t\t\t<div\n\t\t\tclass=\"sow-tabs-tab\n\t\t\t sow-tabs-tab-selected\t\t\t\"\n\t\t\trole=\"tab\"\n\t\t\tdata-anchor-id=\"modulo-1-vocacion-liderazgo-y-discipulado\"\n\t\t\taria-selected=\"true\"\n\t\t\ttabindex=\"0\"\n\t\t>\n\t\t\t<div class=\"sow-tabs-title sow-tabs-title-icon-left\">\n\t\t\t\t\t\t\t\tM\u00f3dulo 1: Vocaci\u00f3n, Liderazgo y Discipulado\t\t\t\t\t\t\t<\/div>\n\t\t<\/div>\n\t\t\t<div\n\t\t\tclass=\"sow-tabs-tab\n\t\t\t\t\t\t\"\n\t\t\trole=\"tab\"\n\t\t\tdata-anchor-id=\"modulo-2-liderazgo-encarnacional\"\n\t\t\taria-selected=\"false\"\n\t\t\ttabindex=\"0\"\n\t\t>\n\t\t\t<div class=\"sow-tabs-title sow-tabs-title-icon-left\">\n\t\t\t\t\t\t\t\tM\u00f3dulo 2: Liderazgo encarnacional\t\t\t\t\t\t\t<\/div>\n\t\t<\/div>\n\t\t\t<div\n\t\t\tclass=\"sow-tabs-tab\n\t\t\t\t\t\t\"\n\t\t\trole=\"tab\"\n\t\t\tdata-anchor-id=\"modulo-3-liderazgo-contextual-y-generacion-centennial\"\n\t\t\taria-selected=\"false\"\n\t\t\ttabindex=\"0\"\n\t\t>\n\t\t\t<div class=\"sow-tabs-title sow-tabs-title-icon-left\">\n\t\t\t\t\t\t\t\tM\u00f3dulo 3: Liderazgo contextual y generaci\u00f3n centennial\t\t\t\t\t\t\t<\/div>\n\t\t<\/div>\n\t\t\t<div\n\t\t\tclass=\"sow-tabs-tab\n\t\t\t\t\t\t\"\n\t\t\trole=\"tab\"\n\t\t\tdata-anchor-id=\"taller-hermeneutica-biblica-a-traves-de-las-artes-y-las-narrativas-digitales\"\n\t\t\taria-selected=\"false\"\n\t\t\ttabindex=\"0\"\n\t\t>\n\t\t\t<div class=\"sow-tabs-title sow-tabs-title-icon-left\">\n\t\t\t\t\t\t\t\tTaller: Hermen\u00e9utica b\u00edblica a trav\u00e9s de las artes y las narrativas digitales\t\t\t\t\t\t\t<\/div>\n\t\t<\/div>\n\t\t<\/div>\n\n\t<div class=\"sow-tabs-panel-container\">\n\t\t\t<div class=\"sow-tabs-panel\">\n\t\t\t<div\n\t\t\t\tclass=\"sow-tabs-panel-content\"\n\t\t\t\trole=\"tabpanel\"\n\t\t\t\taria-hidden=\"false\"\n\t\t\t>\n\t\t\t\t<p><span class=\"a_GcMg font-feature-liga-off font-feature-clig-off font-feature-calt-off text-decoration-none text-strikethrough-none\">En esta conversaci\u00f3n, desarrollaremos la comprensi\u00f3n y la pr\u00e1ctica de la vocaci\u00f3n, el liderazgo y el discipulado - ideas que subyacen mucho de nuestro trabajo con las generaciones j\u00f3venes de la actualidad. Discerniremos nuestros propios dones e intereses, y las personas y las experiencias que nos hacen quienes somos y nos preparan para el servicio. Exploramos el llamado a formar a otras personas para que amen a su ciudad y busquen la paz, lo cual nos lleva a conocer profundamente el mundo y las necesidades a nuestro alrededor. En este proceso trataremos de responder a la pregunta: \u00bfA qu\u00e9 me est\u00e1 invitando La Ruah en mi comunidad?<\/span><\/p>\n\t\t\t<\/div>\n\t\t<\/div>\n\t\t\t<div class=\"sow-tabs-panel\">\n\t\t\t<div\n\t\t\t\tclass=\"sow-tabs-panel-content\"\n\t\t\t\trole=\"tabpanel\"\n\t\t\t\taria-hidden=\"true\"\n\t\t\t>\n\t\t\t\t<p class=\"cvGsUA block-font-kerning-none block-font-feature-liga-off block-font-feature-clig-off block-font-feature-calt-off direction-ltr align-start para-style-body\"><span class=\"a_GcMg font-feature-liga-off font-feature-clig-off font-feature-calt-off text-decoration-none text-strikethrough-none\">En esta conversaci\u00f3n exploramos la encarnaci\u00f3n y sus implicaciones para la misi\u00f3n, la vida, el trabajo y el servicio con las nuevas generaciones. Entraremos en una conversaci\u00f3n que nos llevar\u00e1 a ver c\u00f3mo es que las im\u00e1genes que tenemos de Jes\u00fas afectan la forma en la que llevamos nuestra vida y servimos a otras personas.<\/span><\/p>\n<p class=\"cvGsUA block-font-kerning-none block-font-feature-liga-off block-font-feature-clig-off block-font-feature-calt-off direction-ltr align-start para-style-body\"><span class=\"a_GcMg font-feature-liga-off font-feature-clig-off font-feature-calt-off text-decoration-none text-strikethrough-none\">As\u00ed mismo, veremos qu\u00e9 barreras nos impiden leer el texto b\u00edblico con nuevos ojos y c\u00f3mo estas barreras limitan el poder liberador de la Palabra. Tomaremos el tiempo de leer tanto el texto como el contexto. Es decir, haremos la pregunta \u00bfa trav\u00e9s de los ojos de qui\u00e9n leemos el texto? y dejaremos ir la pregunta<\/span><\/p>\n<p class=\"cvGsUA block-font-kerning-none block-font-feature-liga-off block-font-feature-clig-off block-font-feature-calt-off direction-ltr align-start para-style-body\"><span class=\"a_GcMg font-feature-liga-off font-feature-clig-off font-feature-calt-off text-decoration-none text-strikethrough-none\">\u00bfQu\u00e9 quiere decir el texto? Leeremos la Biblia a trav\u00e9s de los ojos de Jes\u00fas. Tendremos un movimiento constante entre el contexto que habitamos y la lectura de la Biblia para as\u00ed explorar c\u00f3mo es que el texto nos invita a servir con los m\u00e1s vulnerables de nuestra sociedad. A trav\u00e9s de las sesiones entraremos a explorar la hermen\u00e9utica del texto, trataremos de responder a la pregunta:<\/span><\/p>\n<p><span class=\"a_GcMg font-feature-liga-off font-feature-clig-off font-feature-calt-off text-decoration-none text-strikethrough-none\">\u00bfA trav\u00e9s de los ojos de qui\u00e9n leemos el texto? As\u00ed mismo, nos moveremos a leer el contexto inmediato que nos rodea y c\u00f3mo afecta nuestra lectura del texto b\u00edblico. Finalmente, tomaremos tiempo para explorar qu\u00e9 significa leer el texto a trav\u00e9s de los ojos de Jes\u00fas. Los casos paradigm\u00e1ticos que utilizaremos son: el de Lucas 24, el camino a Ema\u00fas, y El Levita y su Concubina, en Jueces 19.<\/span><\/p>\n\t\t\t<\/div>\n\t\t<\/div>\n\t\t\t<div class=\"sow-tabs-panel\">\n\t\t\t<div\n\t\t\t\tclass=\"sow-tabs-panel-content\"\n\t\t\t\trole=\"tabpanel\"\n\t\t\t\taria-hidden=\"true\"\n\t\t\t>\n\t\t\t\t<p><span class=\"a_GcMg font-feature-liga-off font-feature-clig-off font-feature-calt-off text-decoration-none text-strikethrough-none\">Durante esta conversaci\u00f3n tendremos la oportunidad de conversar sobre conceptos, cambios de paradigmas y de- saf\u00edos ante al liderazgo juvenil y su aplicaci\u00f3n en el contexto de Am\u00e9rica Latina. Conversaremos alrededor de preguntas como: \u00bfQu\u00e9 percepci\u00f3n existe sobre el liderazgo juvenil? \u00bfQu\u00e9 expectativas y desaf\u00edos se enfrentan al tener un liderazgo ju- venil que da testimonio del Reino de Dios y su justicia? \u00bfC\u00f3mo se pueden crear, construir y compartir narrativas que ayuden al compromiso y a la transformaci\u00f3n de nuestras comunidades?<\/span><\/p>\n\t\t\t<\/div>\n\t\t<\/div>\n\t\t\t<div class=\"sow-tabs-panel\">\n\t\t\t<div\n\t\t\t\tclass=\"sow-tabs-panel-content\"\n\t\t\t\trole=\"tabpanel\"\n\t\t\t\taria-hidden=\"true\"\n\t\t\t>\n\t\t\t\t<p><span class=\"a_GcMg font-feature-liga-off font-feature-clig-off font-feature-calt-off text-decoration-none text-strikethrough-none\">En este espacio de aprendizaje ser\u00e1 opcional para quienes deseen obtener el certificado de CETI Continental y estar\u00e1 enfocado en brindar las herramientas para dise\u00f1ar un proyecto de narrativas transmedia, utilizando diversas plataformas o medios para la creaci\u00f3n de contenidos que promuevan la paz y la justicia como testimonio del reino de Dios en el aqu\u00ed y ahora. La evidencia del aprendizaje ser\u00e1 la presentaci\u00f3n por lo menos de un producto digital.<\/span><\/p>\n\t\t\t<\/div>\n\t\t<\/div>\n\t\t<\/div>\n<\/div>\n<\/div><\/div><div id=\"panel-6684-3-0-3\" class=\"so-panel widget widget_sow-editor\" data-index=\"8\" ><div\n\t\t\t\n\t\t\tclass=\"so-widget-sow-editor so-widget-sow-editor-base\"\n\t\t\t\n\t\t><h3 class=\"widget-title\">Perfil de salida<\/h3>\n<div class=\"siteorigin-widget-tinymce textwidget\">\n\t<p class=\"cvGsUA block-font-kerning-normal block-font-feature-liga-off block-font-feature-clig-off block-font-feature-calt-off direction-ltr align-start para-style-body\"><span class=\"a_GcMg font-feature-liga-off font-feature-clig-off font-feature-calt-off text-decoration-none text-strikethrough-none\">Los y las participantes del diplomado tendr\u00e1n la oportunidad de:<\/span><\/p>\n<ul>\n<li style=\"list-style-type: none;\">\n<ul>\n<li><span class=\"a_GcMg font-feature-liga-off font-feature-clig-off font-feature-calt-off text-decoration-none text-strikethrough-none\">Comprender su vocaci\u00f3n y dones como herramientas para dar testimonio del Reino de Dios.<\/span><\/li>\n<li><span class=\"a_GcMg font-feature-liga-off font-feature-clig-off font-feature-calt-off text-decoration-none text-strikethrough-none\">Realizar una lectura relevante del contexto y el texto b\u00edblico de manera que generen cambios genuinos en las distintas esferas de influencia integral en su vida y la de los y las j\u00f3venes con quienes trabajan: familia, trabajo, sociedad e iglesia.<\/span><\/li>\n<li><span class=\"a_GcMg font-feature-liga-off font-feature-clig-off font-feature-calt-off text-decoration-none text-strikethrough-none\">Explorar diversos espacios y estrategias tecnol\u00f3gicas y art\u00edsticas para el liderazgo y la transformaci\u00f3n de su contexto.<\/span><\/li>\n<li><span class=\"a_GcMg font-feature-liga-off font-feature-clig-off font-feature-calt-off text-decoration-none text-strikethrough-none\">Dise\u00f1ar, desarrollar y evaluar proyectos que fomenten la participaci\u00f3n de comunidades de j\u00f3venes que buscan el desarrollo integral de sus contextos.<\/span><\/li>\n<\/ul>\n<\/li>\n<\/ul>\n<\/div>\n<\/div><\/div><div id=\"panel-6684-3-0-4\" class=\"so-panel widget widget_sow-button panel-last-child\" data-index=\"9\" ><div\n\t\t\t\n\t\t\tclass=\"so-widget-sow-button so-widget-sow-button-flat-f0e0369ab0ce-6684\"\n\t\t\t\n\t\t><div class=\"ow-button-base ow-button-align-center\"\n>\n\t\t\t<a\n\t\t\t\t\thref=\"mailto:info@ceticontinental.org\"\n\t\t\t\t\tclass=\"sowb-button ow-icon-placement-left ow-button-hover\" \t>\n\t\t<span>\n\t\t\t\n\t\t\tSolicita m\u00e1s informaci\u00f3n\t\t<\/span>\n\t\t\t<\/a>\n\t<\/div>\n<\/div><\/div><\/div><\/div><\/div>","protected":false},"excerpt":{"rendered":"<p>Diplomado en Comunidad 2.0: Discipulado, Formaci\u00f3n y Transformaci\u00f3n &nbsp; \u00a1Vivimos en una \u00e9poca extra\u00f1a! Y parece que el mundo gira m\u00e1s r\u00e1pido de lo que nuestras emociones pueden procesar. Convivimos con generaciones que crecieron y est\u00e1n creciendo con el internet, <span class=\"readmore\"><a class=\"more-link\" href=\"https:\/\/www.ceticontinental.org\/portal\/diplomado\/\">Leer m\u00e1s&#8230;<\/a><\/span><\/p>\n","protected":false},"author":2,"featured_media":0,"parent":0,"menu_order":0,"comment_status":"closed","ping_status":"closed","template":"","meta":{"footnotes":""},"class_list":["post-6684","page","type-page","status-publish","hentry"],"_links":{"self":[{"href":"https:\/\/www.ceticontinental.org\/portal\/wp-json\/wp\/v2\/pages\/6684"}],"collection":[{"href":"https:\/\/www.ceticontinental.org\/portal\/wp-json\/wp\/v2\/pages"}],"about":[{"href":"https:\/\/www.ceticontinental.org\/portal\/wp-json\/wp\/v2\/types\/page"}],"author":[{"embeddable":true,"href":"https:\/\/www.ceticontinental.org\/portal\/wp-json\/wp\/v2\/users\/2"}],"replies":[{"embeddable":true,"href":"https:\/\/www.ceticontinental.org\/portal\/wp-json\/wp\/v2\/comments?post=6684"}],"version-history":[{"count":2,"href":"https:\/\/www.ceticontinental.org\/portal\/wp-json\/wp\/v2\/pages\/6684\/revisions"}],"predecessor-version":[{"id":6691,"href":"https:\/\/www.ceticontinental.org\/portal\/wp-json\/wp\/v2\/pages\/6684\/revisions\/6691"}],"wp:attachment":[{"href":"https:\/\/www.ceticontinental.org\/portal\/wp-json\/wp\/v2\/media?parent=6684"}],"curies":[{"name":"wp","href":"https:\/\/api.w.org\/{rel}","templated":true}]}}